{"id":2,"date":"2011-11-18T16:41:03","date_gmt":"2011-11-18T16:41:03","guid":{"rendered":"https:\/\/infopoetique.ch\/?page_id=2"},"modified":"2011-12-12T16:35:26","modified_gmt":"2011-12-12T16:35:26","slug":"page-d-exemple","status":"publish","type":"page","link":"https:\/\/infopoetique.ch\/?page_id=2","title":{"rendered":"Edito Coco"},"content":{"rendered":"<p>Info po\u00e9tique,\u00a0 \u00e7a vous parle, comment une information peut-elle \u00eatre po\u00e9tique ?<\/p>\n<p>En tous cas, dans nos m\u00e9dias, les informations sont rarement po\u00e9tiques, c&rsquo;est le moins que l&rsquo;on puisse dire..<\/p>\n<p>J&rsquo;aimerais essayer de marier ces deux th\u00e8mes, soit une po\u00e9sie parfois informative, soit une information parfois po\u00e9tique.<\/p>\n<p>Et de mettre \u00e0 la poubelle toutes ces nouvelles horribles, sensationnalistes ses scoops \u00e0 d\u00e9couper en lamelles et\u00a0 \u00e0 renvoyer illico.<\/p>\n<p>Le matin, j&rsquo;ai remarqu\u00e9, que je suis de meilleure humeur quand je ne lis pas le journal, mais si j&rsquo;ai le temps, toujours le matin, je perds 20 minutes \u00e0 lire \u00ab\u00a024 Heures\u00a0\u00bb et quelques secondes, voire dans le meilleur des cas quelques minutes \u00e0 lire \u00ab\u00a020 minutes\u00a0\u00bb. Car comme tout lecteur de journaux, je me laisse aussi parfois polluer l&rsquo;esprit.<\/p>\n<p>Ce site j&rsquo;aimerais le partager avec vous, donc les pages vous sont ouvertes sous r\u00e9serve\u00a0\u00a0de mon opeil po\u00e9tique.<\/p>\n<p>Alors \u00e0 vos plumes, indiens des cit\u00e9s, faites taire la c\u00e9cit\u00e9 de nos m\u00e9dias traditionnels et en route avec notre v\u00e9lo galactique pour rejoindre nos fr\u00e8res vagabonds cosmiques&#8230;<\/p>\n<p>Jean-Luc<\/p>\n<p>Le 19 novembre 2011<\/p>\n<p>P.S.<\/p>\n<p>Je risque de me permettre avant de recevoir vos milliers de contributions\u00a0 de pondre quelques \u0153ufs info-po\u00e9tiques, soit les articles revus corrig\u00e9s d\u2019un pr\u00e9c\u00e9dent blog.<\/p>\n<p>&nbsp;<\/p>\n<p>&nbsp;<\/p>\n<p>&nbsp;<\/p>\n<p>&nbsp;<\/p>\n","protected":false},"excerpt":{"rendered":"<p>Info po\u00e9tique,\u00a0 \u00e7a vous parle, comment une information peut-elle \u00eatre po\u00e9tique ? En tous cas, dans nos m\u00e9dias, les informations sont rarement po\u00e9tiques, c&rsquo;est le moins que l&rsquo;on puisse dire.. J&rsquo;aimerais essayer de marier ces deux th\u00e8mes, soit une po\u00e9sie parfois informative, soit une information parfois po\u00e9tique. Et de mettre \u00e0 la poubelle toutes ces &hellip; <a href=\"https:\/\/infopoetique.ch\/?page_id=2\" class=\"more-link\">Continuer la lecture de <span class=\"screen-reader-text\">Edito Coco<\/span> <span class=\"meta-nav\">&rarr;<\/span><\/a><\/p>\n","protected":false},"author":2,"featured_media":0,"parent":0,"menu_order":0,"comment_status":"closed","ping_status":"open","template":"","meta":{"footnotes":""},"class_list":["post-2","page","type-page","status-publish","hentry"],"_links":{"self":[{"href":"https:\/\/infopoetique.ch\/index.php?rest_route=\/wp\/v2\/pages\/2"}],"collection":[{"href":"https:\/\/infopoetique.ch\/index.php?rest_route=\/wp\/v2\/pages"}],"about":[{"href":"https:\/\/infopoetique.ch\/index.php?rest_route=\/wp\/v2\/types\/page"}],"author":[{"embeddable":true,"href":"https:\/\/infopoetique.ch\/index.php?rest_route=\/wp\/v2\/users\/2"}],"replies":[{"embeddable":true,"href":"https:\/\/infopoetique.ch\/index.php?rest_route=%2Fwp%2Fv2%2Fcomments&post=2"}],"version-history":[{"count":3,"href":"https:\/\/infopoetique.ch\/index.php?rest_route=\/wp\/v2\/pages\/2\/revisions"}],"predecessor-version":[{"id":133,"href":"https:\/\/infopoetique.ch\/index.php?rest_route=\/wp\/v2\/pages\/2\/revisions\/133"}],"wp:attachment":[{"href":"https:\/\/infopoetique.ch\/index.php?rest_route=%2Fwp%2Fv2%2Fmedia&parent=2"}],"curies":[{"name":"wp","href":"https:\/\/api.w.org\/{rel}","templated":true}]}}